{"id":375,"date":"2025-06-07T16:48:30","date_gmt":"2025-06-07T14:48:30","guid":{"rendered":"https:\/\/freundeskreis-asyl-korb.de\/?page_id=375"},"modified":"2026-04-01T17:58:39","modified_gmt":"2026-04-01T15:58:39","slug":"bedarf","status":"publish","type":"page","link":"https:\/\/freundeskreis-asyl-korb.de\/?page_id=375","title":{"rendered":"Bedarf"},"content":{"rendered":"\n<p>Wir sind dankbar, dass uns viele Menschen durch Sachspenden unterst\u00fctzen, die wir gerne an die Gefl\u00fcchteten weitergeben.<\/p>\n\n\n\n<div class=\"wp-block-group\"><div class=\"wp-block-group__inner-container is-layout-constrained wp-block-group-is-layout-constrained\">\n<div class=\"wp-block-group has-green-background-color has-background\"><div class=\"wp-block-group__inner-container is-layout-constrained wp-block-group-is-layout-constrained\">\n<p>F\u00fcr die <strong>Ausgabe<\/strong> der Spenden werden individuelle Termine ausgemacht. Die Gefl\u00fcchteten wenden sich direkt an uns oder der Bedarf wird uns \u00fcber die Integrationsmanager \/ Sozialarbeiter mitgeteilt.<\/p>\n\n\n\n<p>Die Ausgabe ist f\u00fcr die Gefl\u00fcchteten kostenlos. <\/p>\n\n\n\n<div class=\"wp-block-file\"><a id=\"wp-block-file--media-4bd87816-c08f-440c-8338-e5b953edbfb1\" href=\"https:\/\/freundeskreis-asyl-korb.de\/wp-content\/uploads\/2025\/07\/Spendenausgabe.docx\">Spendenausgabe<\/a><a href=\"https:\/\/freundeskreis-asyl-korb.de\/wp-content\/uploads\/2025\/07\/Spendenausgabe.docx\" class=\"wp-block-file__button wp-element-button\" download aria-describedby=\"wp-block-file--media-4bd87816-c08f-440c-8338-e5b953edbfb1\">Herunterladen<\/a><\/div>\n<\/div><\/div>\n<\/div><\/div>\n\n\n\n<p><strong>Spendenannahme<\/strong> ist jeweils <strong>am 1. Samstag im Monat<\/strong> im Geb\u00e4ude der ehemaligen Firma Eimer, Jahnstrasse 1 Ecke Manslerstra\u00dfe im Hof an der Laderampe, <strong>von 18:00 \u2013 19:00 Uhr<\/strong> oder nach Absprache.<\/p>\n\n\n\n<p>Wir ben\u00f6tigen vor allem:<\/p>\n\n\n\n<ul class=\"wp-block-list\">\n<li>Geschirr<\/li>\n\n\n\n<li>Besteck<\/li>\n\n\n\n<li>Kocht\u00f6pfe, Pfannen, Wasserkocher, Mikrowellen, \u2026<\/li>\n\n\n\n<li>Handt\u00fccher und Bettw\u00e4sche<\/li>\n\n\n\n<li>Kleidung und Schuhe<ul><li>F\u00fcr Damen<\/li><\/ul><ul><li>F\u00fcr Herren <\/li><\/ul><ul><li>F\u00fcr Babys, Kinder und Jugendliche<\/li><\/ul>\n<ul class=\"wp-block-list\">\n<li>Sportkleidung und Schuhe f\u00fcr Schulkinder und Jugenliche<\/li>\n<\/ul>\n<\/li>\n\n\n\n<li>Schulranzen und Sporttaschen<\/li>\n\n\n\n<li>Babyausstattung (Kinderwagen, Babybadewannen, \u2026)<\/li>\n\n\n\n<li>Kleine Haushaltsger\u00e4te (Staubsauger, N\u00e4hmaschinen, \u2026)<\/li>\n\n\n\n<li>Sonstige kleinere Haushaltsgegenst\u00e4nde wie z.B. Einkaufstrolleys oder Ventilatoren<\/li>\n\n\n\n<li>Teppiche<\/li>\n<\/ul>\n\n\n\n<p>Gr\u00f6\u00dfere Dinge wie Fahrr\u00e4der (f\u00fcr Erwachsene und Kinder) oder K\u00fchlschr\u00e4nke werden ebenfalls immer wieder nachgefragt. Leider haben wir daf\u00fcr keine Lagerm\u00f6glichkeiten. Wenn wir aber einen Bedarf erkennen, versuchen wir, bei der Beschaffung behilflich zu sein. Deshalb freuen wir uns auch \u00fcber entsprechende Angebote.<\/p>\n\n\n\n<div class=\"wp-block-group is-style-twentytwentyone-border\"><div class=\"wp-block-group__inner-container is-layout-constrained wp-block-group-is-layout-constrained\">\n<p><strong>Aktuelle Anfragen:<\/strong><\/p>\n\n\n\n<ul class=\"wp-block-list\">\n<li>L\u00f6ffel <\/li>\n\n\n\n<li>Handr\u00fchrger\u00e4te<\/li>\n\n\n\n<li>Stabmixer <\/li>\n<\/ul>\n<\/div><\/div>\n\n\n\n<figure class=\"wp-block-gallery has-nested-images columns-default is-cropped wp-block-gallery-1 is-layout-flex wp-block-gallery-is-layout-flex\">\n<figure class=\"wp-block-image size-large\"><img loading=\"lazy\" decoding=\"async\" width=\"769\" height=\"1024\" data-id=\"884\" src=\"https:\/\/freundeskreis-asyl-korb.de\/wp-content\/uploads\/2025\/07\/Bedarf8-769x1024.jpg\" alt=\"\" class=\"wp-image-884\" srcset=\"https:\/\/freundeskreis-asyl-korb.de\/wp-content\/uploads\/2025\/07\/Bedarf8-769x1024.jpg 769w, https:\/\/freundeskreis-asyl-korb.de\/wp-content\/uploads\/2025\/07\/Bedarf8-225x300.jpg 225w, https:\/\/freundeskreis-asyl-korb.de\/wp-content\/uploads\/2025\/07\/Bedarf8-768x1023.jpg 768w, https:\/\/freundeskreis-asyl-korb.de\/wp-content\/uploads\/2025\/07\/Bedarf8-1153x1536.jpg 1153w, https:\/\/freundeskreis-asyl-korb.de\/wp-content\/uploads\/2025\/07\/Bedarf8.jpg 1201w\" sizes=\"auto, (max-width: 769px) 100vw, 769px\" \/><\/figure>\n\n\n\n<figure class=\"wp-block-image size-large\"><img loading=\"lazy\" decoding=\"async\" width=\"769\" height=\"1024\" data-id=\"881\" src=\"https:\/\/freundeskreis-asyl-korb.de\/wp-content\/uploads\/2025\/07\/Bedarf5-769x1024.jpg\" alt=\"\" class=\"wp-image-881\" srcset=\"https:\/\/freundeskreis-asyl-korb.de\/wp-content\/uploads\/2025\/07\/Bedarf5-769x1024.jpg 769w, https:\/\/freundeskreis-asyl-korb.de\/wp-content\/uploads\/2025\/07\/Bedarf5-225x300.jpg 225w, https:\/\/freundeskreis-asyl-korb.de\/wp-content\/uploads\/2025\/07\/Bedarf5-768x1023.jpg 768w, https:\/\/freundeskreis-asyl-korb.de\/wp-content\/uploads\/2025\/07\/Bedarf5-1153x1536.jpg 1153w, https:\/\/freundeskreis-asyl-korb.de\/wp-content\/uploads\/2025\/07\/Bedarf5.jpg 1201w\" sizes=\"auto, (max-width: 769px) 100vw, 769px\" \/><\/figure>\n\n\n\n<figure class=\"wp-block-image size-large\"><img loading=\"lazy\" decoding=\"async\" width=\"1024\" height=\"769\" data-id=\"880\" src=\"https:\/\/freundeskreis-asyl-korb.de\/wp-content\/uploads\/2025\/07\/Bedarf4-1024x769.jpg\" alt=\"\" class=\"wp-image-880\" srcset=\"https:\/\/freundeskreis-asyl-korb.de\/wp-content\/uploads\/2025\/07\/Bedarf4-1024x769.jpg 1024w, https:\/\/freundeskreis-asyl-korb.de\/wp-content\/uploads\/2025\/07\/Bedarf4-300x225.jpg 300w, https:\/\/freundeskreis-asyl-korb.de\/wp-content\/uploads\/2025\/07\/Bedarf4-768x576.jpg 768w, https:\/\/freundeskreis-asyl-korb.de\/wp-content\/uploads\/2025\/07\/Bedarf4-1536x1153.jpg 1536w, https:\/\/freundeskreis-asyl-korb.de\/wp-content\/uploads\/2025\/07\/Bedarf4-1568x1177.jpg 1568w, https:\/\/freundeskreis-asyl-korb.de\/wp-content\/uploads\/2025\/07\/Bedarf4.jpg 1600w\" sizes=\"auto, (max-width: 1024px) 100vw, 1024px\" \/><\/figure>\n\n\n\n<figure class=\"wp-block-image size-large\"><img loading=\"lazy\" decoding=\"async\" width=\"1024\" height=\"769\" data-id=\"877\" src=\"https:\/\/freundeskreis-asyl-korb.de\/wp-content\/uploads\/2025\/07\/Bedarf1-1024x769.jpg\" alt=\"\" class=\"wp-image-877\" srcset=\"https:\/\/freundeskreis-asyl-korb.de\/wp-content\/uploads\/2025\/07\/Bedarf1-1024x769.jpg 1024w, https:\/\/freundeskreis-asyl-korb.de\/wp-content\/uploads\/2025\/07\/Bedarf1-300x225.jpg 300w, https:\/\/freundeskreis-asyl-korb.de\/wp-content\/uploads\/2025\/07\/Bedarf1-768x576.jpg 768w, https:\/\/freundeskreis-asyl-korb.de\/wp-content\/uploads\/2025\/07\/Bedarf1-1536x1153.jpg 1536w, https:\/\/freundeskreis-asyl-korb.de\/wp-content\/uploads\/2025\/07\/Bedarf1-1568x1177.jpg 1568w, https:\/\/freundeskreis-asyl-korb.de\/wp-content\/uploads\/2025\/07\/Bedarf1.jpg 1600w\" sizes=\"auto, (max-width: 1024px) 100vw, 1024px\" \/><\/figure>\n<\/figure>\n\n\n\n<div class=\"wp-block-group\"><div class=\"wp-block-group__inner-container is-layout-constrained wp-block-group-is-layout-constrained\">\n<div class=\"wp-block-group\"><div class=\"wp-block-group__inner-container is-layout-constrained wp-block-group-is-layout-constrained\">\n<div class=\"wp-block-group\"><div class=\"wp-block-group__inner-container is-layout-constrained wp-block-group-is-layout-constrained\">\n<div class=\"wp-block-group has-purple-background-color has-background\"><div class=\"wp-block-group__inner-container is-layout-constrained wp-block-group-is-layout-constrained\">\n<div class=\"wp-block-group\"><div class=\"wp-block-group__inner-container is-layout-constrained wp-block-group-is-layout-constrained\">\n<h4 class=\"wp-block-heading has-text-align-center\">Sie erreichen uns:<\/h4>\n<\/div><\/div>\n\n\n\n<p class=\"has-text-align-center has-normal-font-size\">freundeskreis-asyl-korb@web.de<\/p>\n<\/div><\/div>\n<\/div><\/div>\n\n\n\n<div class=\"wp-block-group\"><div class=\"wp-block-group__inner-container is-layout-constrained wp-block-group-is-layout-constrained\">\n<div class=\"wp-block-group has-purple-background-color has-background\"><div class=\"wp-block-group__inner-container is-layout-constrained wp-block-group-is-layout-constrained\">\n<div class=\"wp-block-group\"><div class=\"wp-block-group__inner-container is-layout-constrained wp-block-group-is-layout-constrained\">\n<h4 class=\"wp-block-heading has-text-align-center\">In eigener Sache:<\/h4>\n<\/div><\/div>\n\n\n\n<p class=\"has-text-align-center has-normal-font-size\">S\u00e4ule Bedarf \u2013 Unterst\u00fctzung gesucht<\/p>\n\n\n\n<p>Unsere Spendensammlung ist in Korb fest etabliert. Wir d\u00fcrfen uns regelm\u00e4\u00dfig dar\u00fcber freuen, dass viele Menschen uns Dinge bringen, die sie nicht mehr ben\u00f6tigen, \u00fcber die sich aber andere Menschen noch freuen.<\/p>\n\n\n\n<p>Um das Angebot langfristig sicherstellen zu k\u00f6nnen, ben\u00f6tigen wir Unterst\u00fctzung. Die sehr engagierte Dame, die diesen Bereich seit Beginn koordiniert, hat bereits Hilfe von mehreren Gefl\u00fcchteten. Sie sucht jetzt aber jemanden, der sich vorstellen kann, l\u00e4ngerfristig betrachtet auch die Verantwortung f\u00fcr diesen Bereich zu \u00fcbernehmen. Deshalb ist zumindest zu diesem Zeitpunkt eine Mitgliedschaft in unserem Verein Voraussetzung.<\/p>\n\n\n\n<p>Aufgaben sind<\/p>\n\n\n\n<ul class=\"wp-block-list\">\n<li>Annahme von Spenden<\/li>\n\n\n\n<li>Sortieren der Spenden<\/li>\n\n\n\n<li>Spendenausgabe<\/li>\n<\/ul>\n\n\n\n<p>Eine gewisse k\u00f6rperliche Belastbarkeit solltest Du \/ sollten Sie mitbringen, Treppensteigen sollte kein Problem sein.<\/p>\n\n\n\n<p>Dar\u00fcber hinaus freuen wir uns auch \u00fcber Menschen, die bei Bedarf bei der Spendenannahme unterst\u00fctzen. <\/p>\n\n\n\n<p class=\"has-text-align-center has-normal-font-size\">Falls wir Dein \/ Ihr Interesse geweckt haben, freuen wir uns \u00fcber eine kurze Nachricht.<\/p>\n<\/div><\/div>\n<\/div><\/div>\n<\/div><\/div>\n<\/div><\/div>\n\n\n\n<div class=\"wp-block-group has-red-background-color has-background\"><div class=\"wp-block-group__inner-container is-layout-constrained wp-block-group-is-layout-constrained\">\n<h4 class=\"wp-block-heading has-text-align-center\">Aktuelle Angebote f\u00fcr Gefl\u00fcchtete<\/h4>\n\n\n\n<p>Wir haben gerade mehrere Kinderwagen und Kindersitze abzugeben. Bei Bedarf bitte melden.<\/p>\n<\/div><\/div>\n\n\n\n<div class=\"wp-block-blockspare-blockspare-container alignfull blockspare-6e82b387-c873-4\" blockspare-animation=\"\"><style>.blockspare-6e82b387-c873-4 > .blockspare-block-container-wrapper{background-color:#f9f9f9;padding-top:20px;padding-right:20px;padding-bottom:20px;padding-left:20px;margin-top:30px;margin-right:0px;margin-bottom:30px;margin-left:0px;border-radius:0}.blockspare-6e82b387-c873-4 .blockspare-image-wrap{background-image:none}<\/style><div class=\"blockspare-block-container-wrapper blockspare-hover-item\"><div class=\"blockspare-container-background blockspare-image-wrap has-background-opacity-100 has-background-opacity\"><\/div><div class=\"blockspare-container\"><div class=\"blockspare-inner-blocks blockspare-inner-wrapper-blocks\">\n<div class=\"wp-block-group\"><div class=\"wp-block-group__inner-container is-layout-constrained wp-block-group-is-layout-constrained\">\n<div class=\"wp-block-group\"><div class=\"wp-block-group__inner-container is-layout-constrained wp-block-group-is-layout-constrained\">\n<h3 class=\"wp-block-heading has-text-align-left has-red-background-color has-background\">Hilfreiche Links f\u00fcr Gefl\u00fcchtete<\/h3>\n\n\n\n<div class=\"wp-block-group\"><div class=\"wp-block-group__inner-container is-layout-constrained wp-block-group-is-layout-constrained\">\n<div class=\"wp-block-group has-red-background-color has-background\"><div class=\"wp-block-group__inner-container is-layout-constrained wp-block-group-is-layout-constrained\">\n<p><a href=\"https:\/\/www.abfallwirtschaft-rems-murr.de\/muell-vermeiden\/fundgrube\">Abfallwirtschaft Rems-Murr &#8211; Fundgrube (abfallwirtschaft-rems-murr.de)<\/a><\/p>\n\n\n\n<p><a href=\"https:\/\/www.integrationsverein-weinstadt.de\/fahrradwerkstatt\/\">Fahrradwerkstatt &#8211; integrationsverein-weinsts Webseite! (integrationsverein-weinstadt.de)<\/a><\/p>\n\n\n\n<p><a href=\"https:\/\/www.freundeskreis-leutenbach-winnenden.de\/fahrradwerkstatt\/\">Fahrradwerkstatt &#8211; Freundeskreis Fl\u00fcchtlinge Leutenbach &amp; Winnenden (freundeskreis-leutenbach-winnenden.de)<\/a><\/p>\n\n\n\n<p>WhatsApp-Gruppen <\/p>\n\n\n\n<p><strong>Zu verschenken im Rems-Murr-Kreis<\/strong> <\/p>\n\n\n\n<p><strong>Verschenken, Kinderartikel\/Kleider im RMK<\/strong> <a href=\"https:\/\/chat.whatsapp.com\/FRYTw3FBDDNFuhiZ4QZwuy?mode=wwt\">https:\/\/chat.whatsapp.com\/FRYTw3FBDDNFuhiZ4QZwuy?mode=wwt<\/a><\/p>\n\n\n\n<p><strong>Korber Flohmarkt<\/strong> <a href=\"https:\/\/chat.whatsapp.com\/BB9vsH9X4kF6LsKRzt1DVZ\">WhatsApp-Gruppeneinladung<\/a><\/p>\n\n\n\n<p><strong>Kindersachen Korb<\/strong> <a href=\"https:\/\/chat.whatsapp.com\/GmRvvBriBEQJzI7PeRFVmv\">WhatsApp-Gruppeneinladung<\/a><\/p>\n\n\n\n<p><a href=\"https:\/\/tafel-waiblingen.de\/infos-fuer-kunden\/\">Tafel Waiblingen \u2013 Infos f\u00fcr Kunden<\/a><\/p>\n\n\n\n<div class=\"wp-block-group\"><div class=\"wp-block-group__inner-container is-layout-constrained wp-block-group-is-layout-constrained\">\n<p>App: <em>Too good to go<\/em> : Lebensmittel retten und g\u00fcnstig einkaufen  <\/p>\n\n\n\n<figure class=\"wp-block-image size-full is-resized\"><img loading=\"lazy\" decoding=\"async\" width=\"277\" height=\"44\" src=\"https:\/\/freundeskreis-asyl-korb.de\/wp-content\/uploads\/2025\/06\/image-22.png\" alt=\"\" class=\"wp-image-922\" style=\"width:290px;height:auto\"\/><\/figure>\n\n\n\n<p>Nebenan: <a href=\"https:\/\/nebenan.de\/\">Das Netzwerk f\u00fcr dich und deine Nachbarn<\/a><\/p>\n\n\n\n<p>ZuZule Shop <img loading=\"lazy\" decoding=\"async\" width=\"150\" height=\"106\" class=\"wp-image-1333\" style=\"width: 150px;\" src=\"https:\/\/freundeskreis-asyl-korb.de\/wp-content\/uploads\/2026\/03\/ZuZule-Shop.png\" alt=\"\" srcset=\"https:\/\/freundeskreis-asyl-korb.de\/wp-content\/uploads\/2026\/03\/ZuZule-Shop.png 605w, https:\/\/freundeskreis-asyl-korb.de\/wp-content\/uploads\/2026\/03\/ZuZule-Shop-300x213.png 300w\" sizes=\"auto, (max-width: 150px) 100vw, 150px\" \/><\/p>\n<\/div><\/div>\n<\/div><\/div>\n<\/div><\/div>\n<\/div><\/div>\n<\/div><\/div>\n<\/div><\/div><\/div><\/div>\n\n\n\n<p><\/p>\n","protected":false},"excerpt":{"rendered":"<p>Wir sind dankbar, dass uns viele Menschen durch Sachspenden unterst\u00fctzen, die wir gerne an die Gefl\u00fcchteten weitergeben. F\u00fcr die Ausgabe der Spenden werden individuelle Termine ausgemacht. Die Gefl\u00fcchteten wenden sich direkt an uns oder der Bedarf wird uns \u00fcber die Integrationsmanager \/ Sozialarbeiter mitgeteilt. Die Ausgabe ist f\u00fcr die Gefl\u00fcchteten kostenlos. Spendenannahme ist jeweils am&hellip; <a class=\"more-link\" href=\"https:\/\/freundeskreis-asyl-korb.de\/?page_id=375\"><span class=\"screen-reader-text\">Bedarf<\/span> weiterlesen<\/a><\/p>\n","protected":false},"author":2,"featured_media":882,"parent":0,"menu_order":0,"comment_status":"closed","ping_status":"closed","template":"","meta":{"footnotes":""},"class_list":["post-375","page","type-page","status-publish","has-post-thumbnail","hentry","entry"],"_links":{"self":[{"href":"https:\/\/freundeskreis-asyl-korb.de\/index.php?rest_route=\/wp\/v2\/pages\/375","targetHints":{"allow":["GET"]}}],"collection":[{"href":"https:\/\/freundeskreis-asyl-korb.de\/index.php?rest_route=\/wp\/v2\/pages"}],"about":[{"href":"https:\/\/freundeskreis-asyl-korb.de\/index.php?rest_route=\/wp\/v2\/types\/page"}],"author":[{"embeddable":true,"href":"https:\/\/freundeskreis-asyl-korb.de\/index.php?rest_route=\/wp\/v2\/users\/2"}],"replies":[{"embeddable":true,"href":"https:\/\/freundeskreis-asyl-korb.de\/index.php?rest_route=%2Fwp%2Fv2%2Fcomments&post=375"}],"version-history":[{"count":35,"href":"https:\/\/freundeskreis-asyl-korb.de\/index.php?rest_route=\/wp\/v2\/pages\/375\/revisions"}],"predecessor-version":[{"id":1455,"href":"https:\/\/freundeskreis-asyl-korb.de\/index.php?rest_route=\/wp\/v2\/pages\/375\/revisions\/1455"}],"wp:featuredmedia":[{"embeddable":true,"href":"https:\/\/freundeskreis-asyl-korb.de\/index.php?rest_route=\/wp\/v2\/media\/882"}],"wp:attachment":[{"href":"https:\/\/freundeskreis-asyl-korb.de\/index.php?rest_route=%2Fwp%2Fv2%2Fmedia&parent=375"}],"curies":[{"name":"wp","href":"https:\/\/api.w.org\/{rel}","templated":true}]}}