{"id":91,"date":"2024-11-23T20:32:56","date_gmt":"2024-11-23T19:32:56","guid":{"rendered":"https:\/\/freundeskreis-asyl-korb.de\/?page_id=91"},"modified":"2026-03-06T17:59:06","modified_gmt":"2026-03-06T16:59:06","slug":"services","status":"publish","type":"page","link":"https:\/\/freundeskreis-asyl-korb.de\/?page_id=91","title":{"rendered":"F\u00fcr Gefl\u00fcchtete"},"content":{"rendered":"\n<div class=\"wp-block-group has-purple-background-color has-background\"><div class=\"wp-block-group__inner-container is-layout-constrained wp-block-group-is-layout-constrained\">\n<h4 class=\"wp-block-heading has-text-align-center\">Sie erreichen uns:<\/h4>\n\n\n\n<p class=\"has-text-align-center has-normal-font-size\">freundeskreis-asyl-korb@web.de<\/p>\n<\/div><\/div>\n\n\n\n<div class=\"wp-block-group has-purple-background-color has-background\"><div class=\"wp-block-group__inner-container is-layout-constrained wp-block-group-is-layout-constrained\">\n<p class=\"has-small-font-size\">Um die Website zu \u00fcbersetzen, k\u00f6nnen Sie zum Beispiel folgende Methode  verwenden:  Gehen Sie zu translate.google.com, geben Sie die URL der Website ein, w\u00e4hlen Sie die Zielsprache aus und klicken Sie auf &#8220;\u00dcbersetzen&#8221;.<\/p>\n\n\n\n<p><a href=\"https:\/\/translate.google.com\/?sl=auto&amp;tl=de&amp;op=translate\">Google \u00dcbersetzer<\/a><\/p>\n\n\n\n<figure class=\"wp-block-image size-full\"><img loading=\"lazy\" decoding=\"async\" width=\"1001\" height=\"280\" src=\"https:\/\/freundeskreis-asyl-korb.de\/wp-content\/uploads\/2026\/03\/image-3.png\" alt=\"\" class=\"wp-image-1359\" srcset=\"https:\/\/freundeskreis-asyl-korb.de\/wp-content\/uploads\/2026\/03\/image-3.png 1001w, https:\/\/freundeskreis-asyl-korb.de\/wp-content\/uploads\/2026\/03\/image-3-300x84.png 300w, https:\/\/freundeskreis-asyl-korb.de\/wp-content\/uploads\/2026\/03\/image-3-768x215.png 768w\" sizes=\"auto, (max-width: 1001px) 100vw, 1001px\" \/><\/figure>\n<\/div><\/div>\n\n\n\n<div class=\"wp-block-group\"><div class=\"wp-block-group__inner-container is-layout-constrained wp-block-group-is-layout-constrained\">\n<h2 class=\"wp-block-heading\">Wobei wir helfen k\u00f6nnen<\/h2>\n\n\n\n<h3 class=\"wp-block-heading has-green-background-color has-background\">Deutsch lernen<\/h3>\n\n\n\n<p>Unsere S\u00e4ule <a href=\"https:\/\/freundeskreis-asyl-korb.de\/?page_id=378\" data-type=\"page\" data-id=\"378\">Sprache<\/a> bietet regelm\u00e4\u00dfig Hilfe beim Deutsch lernen an. Au\u00dferdem sind wir auch gerne bereit, Sie bei der Suche nach einem Sprachkurs zu unterst\u00fctzen.  <\/p>\n\n\n\n<h3 class=\"wp-block-heading has-green-background-color has-background\">Bedarf<\/h3>\n\n\n\n<p>Sie k\u00f6nnen bei uns gespendete Kleidung und kleinere Haushaltsgegenst\u00e4nde kostenlos erhalten. (<a href=\"https:\/\/freundeskreis-asyl-korb.de\/?page_id=375\" data-type=\"page\" data-id=\"375\">Bedarf<\/a>). Falls Sie dar\u00fcber hinaus Bedarf an speziellen Gegenst\u00e4nden haben, bem\u00fchen wir uns, Sie bei der Beschaffung zu unterst\u00fctzen. Gleichzeitig bitten wir Sie, uns dadurch zu helfen, dass Sie <\/p>\n\n\n\n<ul class=\"wp-block-list\">\n<li>gut erhaltene Gegenst\u00e4nde, die Sie nicht mehr ben\u00f6tigen oder<\/li>\n\n\n\n<li> Kleidung, die Ihnen nicht passt, an andere Gefl\u00fcchtete weitergeben oder uns zur\u00fcckbrigen. <\/li>\n\n\n\n<li>Insbesondere freuen wir uns, wenn wir Babykleidung, aus denen Ihre Kinder herausgewachen sind, an andere Familien weiter geben k\u00f6nnen.  <\/li>\n<\/ul>\n\n\n\n<p>Manchmal bekommen wir Gegenst\u00e4nde angeboten, die wir wegen fehlender Lagerfl\u00e4chen nicht annehmen k\u00f6nnen. Gerne geben wir die Angebote aber an Sie weiter. Sie finden diese dann ebenfalls unter der S\u00e4ule Bedarf. <\/p>\n\n\n\n<h3 class=\"wp-block-heading has-green-background-color has-background\">Begegnung<\/h3>\n\n\n\n<p>Sie suchen Kontakt? Kommen Sie zum Caf\u00e9 International oder in den Garten der Begegnung! Sprechen Sie uns an &#8211; wir freuen uns, Sie kennenzulernen. (<a href=\"https:\/\/freundeskreis-asyl-korb.de\/?page_id=395\" data-type=\"page\" data-id=\"395\">Begegnung<\/a>)<\/p>\n\n\n\n<h3 class=\"wp-block-heading has-green-background-color has-background\">Alltag<\/h3>\n\n\n\n<p>Sie brauchen Unterst\u00fctzung bei der Arbeitssuche? Sie suchen einen Ausbildungsplatz? Verstehen nicht, was im Schreiben der Schule steht? &#8230; Auch hier versuchen wir, Sie zu unterst\u00fctzen. (<a href=\"https:\/\/freundeskreis-asyl-korb.de\/?page_id=473\" data-type=\"page\" data-id=\"473\">Alltag<\/a>)<\/p>\n\n\n\n<h3 class=\"wp-block-heading has-green-background-color has-background\">Hilfe beim Transport<\/h3>\n\n\n\n<p>Falls Sie Hilfe bei einem Umzug oder dem Transport eines schweren Gegenstands ben\u00f6tigen, versuchen wir zu helfen. <\/p>\n\n\n\n<h3 class=\"wp-block-heading has-green-background-color has-background\">Verwaltung<\/h3>\n\n\n\n<p>Sie k\u00e4mpfen mit den vielen Informationen, Beh\u00f6rden, Dokumenten und Formularen?<\/p>\n\n\n\n<p>Um Antr\u00e4ge zu stellen und Formulare auszuf\u00fcllen sind die f\u00fcr Sie zust\u00e4ndigen Integrationsmanager und Sozialarbeiter die richtigen Ansprechpartner. <\/p>\n\n\n\n<p>Aber wir k\u00f6nnen Ihnen helfen, alles etwas zu ordnen und besser zu verstehen. Melden Sie sich, wenn Sie Hilfe brauchen.<\/p>\n\n\n\n<h3 class=\"wp-block-heading has-green-background-color has-background\">Sonstiges<\/h3>\n\n\n\n<p>Wenn wir um Hilfe gebeten werden, helfen wir gerne im Rahmen unserer M\u00f6glichkeiten. <\/p>\n\n\n\n<p>Schauen Sie auch auf unsere Seite <a href=\"https:\/\/freundeskreis-asyl-korb.de\/?page_id=547\" data-type=\"page\" data-id=\"547\">Aktuelles<\/a> und <a href=\"https:\/\/freundeskreis-asyl-korb.de\/?page_id=94\" data-type=\"page\" data-id=\"94\">Termine<\/a>, Danke!  <\/p>\n\n\n\n<div class=\"wp-block-group\"><div class=\"wp-block-group__inner-container is-layout-constrained wp-block-group-is-layout-constrained\">\n<p>Und wir freuen uns auch \u00fcber Ihre Hilfe &#8211; bei der Spendenannahme, Mitarbeit beim Caf\u00e9 International, indem Sie andere Gefl\u00fcchtete unterst\u00fctzen, &#8230;<\/p>\n<\/div><\/div>\n\n\n\n<h3 class=\"wp-block-heading has-red-background-color has-background\">Hilfreiche Links<\/h3>\n\n\n\n<p><\/p>\n<\/div><\/div>\n\n\n\n<div class=\"wp-block-group has-red-background-color has-background\"><div class=\"wp-block-group__inner-container is-layout-constrained wp-block-group-is-layout-constrained\">\n<figure class=\"wp-block-image size-full\"><img loading=\"lazy\" decoding=\"async\" width=\"982\" height=\"289\" src=\"https:\/\/freundeskreis-asyl-korb.de\/wp-content\/uploads\/2025\/06\/Gemeinde-Korb-1.png\" alt=\"\" class=\"wp-image-353\" srcset=\"https:\/\/freundeskreis-asyl-korb.de\/wp-content\/uploads\/2025\/06\/Gemeinde-Korb-1.png 982w, https:\/\/freundeskreis-asyl-korb.de\/wp-content\/uploads\/2025\/06\/Gemeinde-Korb-1-300x88.png 300w, https:\/\/freundeskreis-asyl-korb.de\/wp-content\/uploads\/2025\/06\/Gemeinde-Korb-1-768x226.png 768w\" sizes=\"auto, (max-width: 982px) 100vw, 982px\" \/><\/figure>\n\n\n\n<p> <a href=\"https:\/\/www.korb.de\/de\/startseite\">Gemeinde Korb&nbsp;|&nbsp;Startseite&nbsp;|&nbsp;<\/a>  <\/p>\n<\/div><\/div>\n\n\n\n<p><\/p>\n\n\n\n<div class=\"wp-block-group has-red-background-color has-background\"><div class=\"wp-block-group__inner-container is-layout-constrained wp-block-group-is-layout-constrained\">\n<figure class=\"wp-block-image size-large\"><img loading=\"lazy\" decoding=\"async\" width=\"1024\" height=\"244\" src=\"https:\/\/freundeskreis-asyl-korb.de\/wp-content\/uploads\/2025\/06\/image-1-1024x244.png\" alt=\"\" class=\"wp-image-354\" srcset=\"https:\/\/freundeskreis-asyl-korb.de\/wp-content\/uploads\/2025\/06\/image-1-1024x244.png 1024w, https:\/\/freundeskreis-asyl-korb.de\/wp-content\/uploads\/2025\/06\/image-1-300x72.png 300w, https:\/\/freundeskreis-asyl-korb.de\/wp-content\/uploads\/2025\/06\/image-1-768x183.png 768w, https:\/\/freundeskreis-asyl-korb.de\/wp-content\/uploads\/2025\/06\/image-1.png 1183w\" sizes=\"auto, (max-width: 1024px) 100vw, 1024px\" \/><\/figure>\n\n\n\n<p><a href=\"https:\/\/www.rems-murr-kreis.de\/landratsamt-und-politik\/organigramm\/auslaenderamt-und-staatsangehoerigkeitsrecht\/auslaenderamt-und-staatsangehoerigkeitsrecht\">Ausl\u00e4nderamt und Staatsangeh\u00f6rigkeitsrecht: Rems-Murr-Kreis<\/a><\/p>\n<\/div><\/div>\n\n\n\n<p><\/p>\n\n\n\n<div class=\"wp-block-group has-red-background-color has-background\"><div class=\"wp-block-group__inner-container is-layout-constrained wp-block-group-is-layout-constrained\">\n<figure class=\"wp-block-image size-full\"><img loading=\"lazy\" decoding=\"async\" width=\"530\" height=\"91\" src=\"https:\/\/freundeskreis-asyl-korb.de\/wp-content\/uploads\/2025\/06\/image-3.png\" alt=\"\" class=\"wp-image-356\" srcset=\"https:\/\/freundeskreis-asyl-korb.de\/wp-content\/uploads\/2025\/06\/image-3.png 530w, https:\/\/freundeskreis-asyl-korb.de\/wp-content\/uploads\/2025\/06\/image-3-300x52.png 300w\" sizes=\"auto, (max-width: 530px) 100vw, 530px\" \/><\/figure>\n\n\n\n<div class=\"wp-block-group\"><div class=\"wp-block-group__inner-container is-layout-constrained wp-block-group-is-layout-constrained\">\n<p><a href=\"https:\/\/integreat.app\/rems-murr-kreis\/de\">Lokale Informationen &#8211; Rems-Murr-Kreis | Integreat<\/a> <\/p>\n\n\n\n<p><a href=\"https:\/\/play.google.com\/store\/apps\/details?id=tuerantuer.app.integreat\">https:\/\/play.google.com\/store\/apps\/details?id=tuerantuer.app.integreat<\/a><\/p>\n\n\n\n<p><a href=\"https:\/\/apps.apple.com\/de\/app\/integreat\/id1072353915\">https:\/\/apps.apple.com\/de\/app\/integreat\/id1072353915<\/a><\/p>\n<\/div><\/div>\n<\/div><\/div>\n\n\n\n<div class=\"wp-block-group has-red-background-color has-background\"><div class=\"wp-block-group__inner-container is-layout-constrained wp-block-group-is-layout-constrained\">\n<p><a href=\"https:\/\/www.waiblingen.de\/de\/Die-Stadt\/Leben-in-Waiblingen\/Integration-Migration\">Integration und Migration | Stadt Waiblingen &#8211; Junge Stadt in alten Mauern<\/a><\/p>\n<\/div><\/div>\n\n\n\n<div class=\"wp-block-group has-red-background-color has-background\"><div class=\"wp-block-group__inner-container is-layout-constrained wp-block-group-is-layout-constrained\">\n<figure class=\"wp-block-image size-full is-resized\"><img loading=\"lazy\" decoding=\"async\" width=\"244\" height=\"98\" src=\"https:\/\/freundeskreis-asyl-korb.de\/wp-content\/uploads\/2025\/06\/image-7.png\" alt=\"\" class=\"wp-image-572\" style=\"width:219px;height:auto\"\/><\/figure>\n\n\n\n<p><a href=\"https:\/\/www.jugendmigrationsdienste.de\/jmd\/backnangundwaiblingen\">JMD Backnang und Waiblingen<\/a> <\/p>\n<\/div><\/div>\n\n\n\n<div class=\"wp-block-group has-red-background-color has-background\"><div class=\"wp-block-group__inner-container is-layout-constrained wp-block-group-is-layout-constrained\">\n<figure class=\"wp-block-image size-full\"><img loading=\"lazy\" decoding=\"async\" width=\"322\" height=\"148\" src=\"https:\/\/freundeskreis-asyl-korb.de\/wp-content\/uploads\/2025\/06\/image-16.png\" alt=\"\" class=\"wp-image-607\" srcset=\"https:\/\/freundeskreis-asyl-korb.de\/wp-content\/uploads\/2025\/06\/image-16.png 322w, https:\/\/freundeskreis-asyl-korb.de\/wp-content\/uploads\/2025\/06\/image-16-300x138.png 300w\" sizes=\"auto, (max-width: 322px) 100vw, 322px\" \/><\/figure>\n\n\n\n<p><a href=\"https:\/\/www.kdv-rmk.de\/migration-flucht\/hilfen-fuer-gefluechtete\">Hilfen f\u00fcr Gefl\u00fcchtete<\/a><\/p>\n<\/div><\/div>\n\n\n\n<div class=\"wp-block-group has-red-background-color has-background\"><div class=\"wp-block-group__inner-container is-layout-constrained wp-block-group-is-layout-constrained\">\n<figure class=\"wp-block-image size-full\"><img loading=\"lazy\" decoding=\"async\" width=\"321\" height=\"96\" src=\"https:\/\/freundeskreis-asyl-korb.de\/wp-content\/uploads\/2025\/06\/image-17.png\" alt=\"\" class=\"wp-image-609\" srcset=\"https:\/\/freundeskreis-asyl-korb.de\/wp-content\/uploads\/2025\/06\/image-17.png 321w, https:\/\/freundeskreis-asyl-korb.de\/wp-content\/uploads\/2025\/06\/image-17-300x90.png 300w\" sizes=\"auto, (max-width: 321px) 100vw, 321px\" \/><\/figure>\n\n\n\n<p><a href=\"https:\/\/www.caritas-ludwigsburg-waiblingen-enz.de\/hilfe-beratung\/flucht-asyl\/flucht-asyl\">Flucht &amp; Asyl<\/a><\/p>\n<\/div><\/div>\n\n\n\n<div class=\"wp-block-group has-red-background-color has-background\"><div class=\"wp-block-group__inner-container is-layout-constrained wp-block-group-is-layout-constrained\">\n<figure class=\"wp-block-image size-full\"><img loading=\"lazy\" decoding=\"async\" width=\"228\" height=\"58\" src=\"https:\/\/freundeskreis-asyl-korb.de\/wp-content\/uploads\/2025\/06\/image-18.png\" alt=\"\" class=\"wp-image-610\"\/><\/figure>\n\n\n\n<p><a href=\"https:\/\/fluechtlingsrat-bw.de\/adressen\/stadt-waiblingen\/\">Stadt Waiblingen \u2013 Fl\u00fcchtlingsrat Baden-W\u00fcrttemberg<\/a><\/p>\n<\/div><\/div>\n\n\n\n<div class=\"wp-block-group has-red-background-color has-background\"><div class=\"wp-block-group__inner-container is-layout-constrained wp-block-group-is-layout-constrained\">\n<figure class=\"wp-block-image size-full\"><img loading=\"lazy\" decoding=\"async\" width=\"260\" height=\"90\" src=\"https:\/\/freundeskreis-asyl-korb.de\/wp-content\/uploads\/2025\/06\/image-19.png\" alt=\"\" class=\"wp-image-612\"\/><\/figure>\n\n\n\n<p><a href=\"https:\/\/www.rems-murr-kreis.de\/landratsamt-und-politik\/organigramm\/fluechtlinge\/\">Fl\u00fcchtlinge: Rems-Murr-Kreis<\/a><\/p>\n<\/div><\/div>\n\n\n\n<div class=\"wp-block-group has-red-background-color has-background\"><div class=\"wp-block-group__inner-container is-layout-constrained wp-block-group-is-layout-constrained\">\n<figure class=\"wp-block-image size-full\"><img loading=\"lazy\" decoding=\"async\" width=\"374\" height=\"134\" src=\"https:\/\/freundeskreis-asyl-korb.de\/wp-content\/uploads\/2026\/03\/image-2.png\" alt=\"\" class=\"wp-image-1356\" srcset=\"https:\/\/freundeskreis-asyl-korb.de\/wp-content\/uploads\/2026\/03\/image-2.png 374w, https:\/\/freundeskreis-asyl-korb.de\/wp-content\/uploads\/2026\/03\/image-2-300x107.png 300w\" sizes=\"auto, (max-width: 374px) 100vw, 374px\" \/><\/figure>\n\n\n\n<p><a href=\"https:\/\/www.welcome-center-stuttgart.de\/\">Welcome Center Stuttgart<\/a><\/p>\n<\/div><\/div>\n\n\n\n<p><\/p>\n\n\n\n<div class=\"wp-block-group\"><div class=\"wp-block-group__inner-container is-layout-constrained wp-block-group-is-layout-constrained\">\n<div class=\"wp-block-group\"><div class=\"wp-block-group__inner-container is-layout-constrained wp-block-group-is-layout-constrained\">\n<p><\/p>\n<\/div><\/div>\n<\/div><\/div>\n","protected":false},"excerpt":{"rendered":"<p>Sie erreichen uns: freundeskreis-asyl-korb@web.de Um die Website zu \u00fcbersetzen, k\u00f6nnen Sie zum Beispiel folgende Methode verwenden: Gehen Sie zu translate.google.com, geben Sie die URL der Website ein, w\u00e4hlen Sie die Zielsprache aus und klicken Sie auf &#8220;\u00dcbersetzen&#8221;. Google \u00dcbersetzer Wobei wir helfen k\u00f6nnen Deutsch lernen Unsere S\u00e4ule Sprache bietet regelm\u00e4\u00dfig Hilfe beim Deutsch lernen an.&hellip; <a class=\"more-link\" href=\"https:\/\/freundeskreis-asyl-korb.de\/?page_id=91\"><span class=\"screen-reader-text\">F\u00fcr Gefl\u00fcchtete<\/span> weiterlesen<\/a><\/p>\n","protected":false},"author":1,"featured_media":0,"parent":0,"menu_order":5,"comment_status":"closed","ping_status":"closed","template":"","meta":{"footnotes":""},"class_list":["post-91","page","type-page","status-publish","hentry","entry"],"_links":{"self":[{"href":"https:\/\/freundeskreis-asyl-korb.de\/index.php?rest_route=\/wp\/v2\/pages\/91","targetHints":{"allow":["GET"]}}],"collection":[{"href":"https:\/\/freundeskreis-asyl-korb.de\/index.php?rest_route=\/wp\/v2\/pages"}],"about":[{"href":"https:\/\/freundeskreis-asyl-korb.de\/index.php?rest_route=\/wp\/v2\/types\/page"}],"author":[{"embeddable":true,"href":"https:\/\/freundeskreis-asyl-korb.de\/index.php?rest_route=\/wp\/v2\/users\/1"}],"replies":[{"embeddable":true,"href":"https:\/\/freundeskreis-asyl-korb.de\/index.php?rest_route=%2Fwp%2Fv2%2Fcomments&post=91"}],"version-history":[{"count":53,"href":"https:\/\/freundeskreis-asyl-korb.de\/index.php?rest_route=\/wp\/v2\/pages\/91\/revisions"}],"predecessor-version":[{"id":1360,"href":"https:\/\/freundeskreis-asyl-korb.de\/index.php?rest_route=\/wp\/v2\/pages\/91\/revisions\/1360"}],"wp:attachment":[{"href":"https:\/\/freundeskreis-asyl-korb.de\/index.php?rest_route=%2Fwp%2Fv2%2Fmedia&parent=91"}],"curies":[{"name":"wp","href":"https:\/\/api.w.org\/{rel}","templated":true}]}}