{"id":94,"date":"2024-11-23T20:33:22","date_gmt":"2024-11-23T19:33:22","guid":{"rendered":"https:\/\/freundeskreis-asyl-korb.de\/?page_id=94"},"modified":"2026-04-28T10:43:21","modified_gmt":"2026-04-28T08:43:21","slug":"regular-events","status":"publish","type":"page","link":"https:\/\/freundeskreis-asyl-korb.de\/?page_id=94","title":{"rendered":"Termine"},"content":{"rendered":"\n<p class=\"has-large-font-size\"><strong>Regelm\u00e4\u00dfige Termine:<\/strong><\/p>\n\n\n\n<p>Jeden Dienstag 19:00 Uhr Deutsch in der Gemeinschaftsschule<\/p>\n\n\n\n<p class=\"has-large-font-size\"><strong>N\u00e4chste Veranstaltungen vom \/ mit dem Freundeskreis Asyl Korb e.V.<\/strong><\/p>\n\n\n\n<p><\/p>\n\n\n\n<ul class=\"wp-block-list\">\n\n\n<li>21.06.2026 Wir sind beim Seeplatzfest dabei<\/li>\n\n\n\n<li>26.07.2026 R\u00e4tseltour &#8220;K\u00f6pfe am Korber Kopf&#8221; mit Gefl\u00fcchteten<\/li>\n\n\n\n<li>27.09.2026 Caf\u00e9 International (14:00-17.00 Uhr Alte Kelter) <\/li>\n\n\n\n<li>21.11.2026 Weihnachtsbasteln f\u00fcr Kinder ab 5 Jahren        14:00-16:00&nbsp;Uhr Kath. Gemeindehaus St. Johannes<\/li>\n\n\n\n<li>29.11.2026 Caf\u00e9 International (14:00-17.00 Uhr Alte Kelter)<\/li>\n<\/ul>\n\n\n\n<div class=\"wp-block-group has-purple-background-color has-background\"><div class=\"wp-block-group__inner-container is-layout-constrained wp-block-group-is-layout-constrained\">\n<h4 class=\"wp-block-heading has-text-align-center\">Sie erreichen uns:<\/h4>\n\n\n\n<p class=\"has-text-align-center has-normal-font-size\">freundeskreis-asyl-korb@web.de<\/p>\n<\/div><\/div>\n\n\n\n<div class=\"wp-block-group\"><div class=\"wp-block-group__inner-container is-layout-constrained wp-block-group-is-layout-constrained\">\n<div class=\"wp-block-group\"><div class=\"wp-block-group__inner-container is-layout-constrained wp-block-group-is-layout-constrained\">\n<div class=\"wp-block-group\"><div class=\"wp-block-group__inner-container is-layout-constrained wp-block-group-is-layout-constrained\">\n<div class=\"wp-block-group\"><div class=\"wp-block-group__inner-container is-layout-constrained wp-block-group-is-layout-constrained\">\n<div class=\"wp-block-group\"><div class=\"wp-block-group__inner-container is-layout-constrained wp-block-group-is-layout-constrained\">\n<p class=\"has-yellow-background-color has-background has-large-font-size\"><strong>Einladungen anderer Kommunen \/ Organisationen \/ Vereine<\/strong><\/p>\n<\/div><\/div>\n<\/div><\/div>\n<\/div><\/div>\n<\/div><\/div>\n<\/div><\/div>\n\n\n\n\n\n\n\n<div class=\"wp-block-group is-style-twentytwentyone-border\"><div class=\"wp-block-group__inner-container is-layout-constrained wp-block-group-is-layout-constrained\">\n<p>Korb: Der <strong>Frauentreff<\/strong> findet immer <strong>mittwochs von 15:00 bis 17:00 Uhr<\/strong> im Gemeindesaal im Alten Pfarrhaus in J.-F.-Weishaar Str. 6 statt.<\/p>\n\n\n\n<figure class=\"wp-block-image size-full\"><img loading=\"lazy\" decoding=\"async\" width=\"891\" height=\"446\" src=\"https:\/\/freundeskreis-asyl-korb.de\/wp-content\/uploads\/2025\/11\/Frauencafe.jpg\" alt=\"\" class=\"wp-image-1201\" srcset=\"https:\/\/freundeskreis-asyl-korb.de\/wp-content\/uploads\/2025\/11\/Frauencafe.jpg 891w, https:\/\/freundeskreis-asyl-korb.de\/wp-content\/uploads\/2025\/11\/Frauencafe-300x150.jpg 300w, https:\/\/freundeskreis-asyl-korb.de\/wp-content\/uploads\/2025\/11\/Frauencafe-768x384.jpg 768w\" sizes=\"auto, (max-width: 891px) 100vw, 891px\" \/><\/figure>\n<\/div><\/div>\n\n\n\n<div class=\"wp-block-group is-style-twentytwentyone-border has-red-background-color has-background\"><div class=\"wp-block-group__inner-container is-layout-constrained wp-block-group-is-layout-constrained\">\n<div class=\"wp-block-group\"><div class=\"wp-block-group__inner-container is-layout-constrained wp-block-group-is-layout-constrained\">\n<p><a href=\"https:\/\/www.familienzentrum-waiblingen.de\/de\/Projekte\/Cafechen\">Caf\u00e9chen | Familienzentrum Waiblingen e.V.<\/a><\/p>\n<\/div><\/div>\n\n\n\n<div data-wp-interactive=\"core\/file\" class=\"wp-block-file\"><object data-wp-bind--hidden=\"!state.hasPdfPreview\" hidden class=\"wp-block-file__embed\" data=\"https:\/\/freundeskreis-asyl-korb.de\/wp-content\/uploads\/2025\/07\/Cafechen_Flyer.pdf\" type=\"application\/pdf\" style=\"width:100%;height:600px\" aria-label=\"Einbettung von Cafechen_Flyer.\"><\/object><a id=\"wp-block-file--media-cbb2dbf7-9aa2-40e9-801a-b8d5efa16819\" href=\"https:\/\/freundeskreis-asyl-korb.de\/wp-content\/uploads\/2025\/07\/Cafechen_Flyer.pdf\">Cafechen_Flyer<\/a><a href=\"https:\/\/freundeskreis-asyl-korb.de\/wp-content\/uploads\/2025\/07\/Cafechen_Flyer.pdf\" class=\"wp-block-file__button wp-element-button\" download aria-describedby=\"wp-block-file--media-cbb2dbf7-9aa2-40e9-801a-b8d5efa16819\">Herunterladen<\/a><\/div>\n<\/div><\/div>\n\n\n\n<div class=\"wp-block-group is-style-twentytwentyone-border has-red-background-color has-background\"><div class=\"wp-block-group__inner-container is-layout-constrained wp-block-group-is-layout-constrained\">\n<div class=\"wp-block-group\"><div class=\"wp-block-group__inner-container is-layout-constrained wp-block-group-is-layout-constrained\">\n<p><a href=\"http:\/\/www.zuzule.net\/\">ZuZule<\/a><\/p>\n\n\n\n<p>Gerne leiten wir diese Einladung weiter.<\/p>\n\n\n\n<figure class=\"wp-block-image size-full\"><img loading=\"lazy\" decoding=\"async\" width=\"605\" height=\"426\" src=\"https:\/\/freundeskreis-asyl-korb.de\/wp-content\/uploads\/2026\/03\/ZuZule.png\" alt=\"\" class=\"wp-image-1337\" srcset=\"https:\/\/freundeskreis-asyl-korb.de\/wp-content\/uploads\/2026\/03\/ZuZule.png 605w, https:\/\/freundeskreis-asyl-korb.de\/wp-content\/uploads\/2026\/03\/ZuZule-300x211.png 300w\" sizes=\"auto, (max-width: 605px) 100vw, 605px\" \/><\/figure>\n<\/div><\/div>\n<\/div><\/div>\n\n\n\n<div class=\"wp-block-group\"><div class=\"wp-block-group__inner-container is-layout-constrained wp-block-group-is-layout-constrained\"><\/div><\/div>\n\n\n\n<div class=\"wp-block-group\"><div class=\"wp-block-group__inner-container is-layout-constrained wp-block-group-is-layout-constrained\">\n<div class=\"wp-block-group\"><div class=\"wp-block-group__inner-container is-layout-constrained wp-block-group-is-layout-constrained\">\n<div class=\"wp-block-group has-background\" style=\"background-color:#ffffff\"><div class=\"wp-block-group__inner-container is-layout-constrained wp-block-group-is-layout-constrained\">\n<p class=\"has-background has-large-font-size\" style=\"background-color:#e6eddd\"><strong>Einladungen f\u00fcr Ehrenamtliche im Bereich Flucht und Asyl<\/strong><\/p>\n<\/div><\/div>\n<\/div><\/div>\n<\/div><\/div>\n\n\n\n\n\n\n\n<div class=\"wp-block-group is-style-twentytwentyone-border\"><div class=\"wp-block-group__inner-container is-layout-constrained wp-block-group-is-layout-constrained\">\n\n\n<p> Einladung der Caritas: Last but not least, sende ich Ihnen den Flyer zu unseren<strong>&nbsp;kostenlosen Angeboten f\u00fcr Ehrenamtliche im Rems-Murr-Kreis<\/strong>. Der n\u00e4chste Termin &#8211; ein Kunst-Workshop unter dem Motto \u201eMit allen Sinnen den Fr\u00fchling genie\u00dfen\u201c -ist am&nbsp;<strong>13.04.2026<\/strong>. Alle Infos dazu finden Sie auf dem Flyer anbei. Wir freuen uns, wenn Sie dabei sind!<\/p>\n\n\n\n<div data-wp-interactive=\"core\/file\" class=\"wp-block-file\"><object data-wp-bind--hidden=\"!state.hasPdfPreview\" hidden class=\"wp-block-file__embed\" data=\"https:\/\/freundeskreis-asyl-korb.de\/wp-content\/uploads\/2026\/03\/Flyer-Wertschaetzung-Ehrenamt-2026-1.pdf\" type=\"application\/pdf\" style=\"width:100%;height:600px\" aria-label=\"Einbettung von Flyer Wertsch\u00e4tzung Ehrenamt 2026.\"><\/object><a id=\"wp-block-file--media-c2bb0dd5-ba35-4a9c-8a42-17fad4d91fdc\" href=\"https:\/\/freundeskreis-asyl-korb.de\/wp-content\/uploads\/2026\/03\/Flyer-Wertschaetzung-Ehrenamt-2026-1.pdf\">Flyer Wertsch\u00e4tzung Ehrenamt 2026<\/a><a href=\"https:\/\/freundeskreis-asyl-korb.de\/wp-content\/uploads\/2026\/03\/Flyer-Wertschaetzung-Ehrenamt-2026-1.pdf\" class=\"wp-block-file__button wp-element-button\" download aria-describedby=\"wp-block-file--media-c2bb0dd5-ba35-4a9c-8a42-17fad4d91fdc\">Herunterladen<\/a><\/div>\n<\/div><\/div>\n\n\n\n\n\n<div class=\"wp-block-group\"><div class=\"wp-block-group__inner-container is-layout-constrained wp-block-group-is-layout-constrained\">\n\n\n<div class=\"wp-block-group is-style-twentytwentyone-border\"><div class=\"wp-block-group__inner-container is-layout-constrained wp-block-group-is-layout-constrained\">\n\n\n<p>Folgende Einladung wurde uns weitergeleitet:<\/p>\n\n\n\n<figure class=\"wp-block-image size-full\"><img loading=\"lazy\" decoding=\"async\" width=\"672\" height=\"580\" src=\"https:\/\/freundeskreis-asyl-korb.de\/wp-content\/uploads\/2026\/04\/image-1.png\" alt=\"\" class=\"wp-image-1461\" srcset=\"https:\/\/freundeskreis-asyl-korb.de\/wp-content\/uploads\/2026\/04\/image-1.png 672w, https:\/\/freundeskreis-asyl-korb.de\/wp-content\/uploads\/2026\/04\/image-1-300x259.png 300w\" sizes=\"auto, (max-width: 672px) 100vw, 672px\" \/><\/figure>\n\n\n\n<figure class=\"wp-block-image size-full\"><img loading=\"lazy\" decoding=\"async\" width=\"674\" height=\"372\" src=\"https:\/\/freundeskreis-asyl-korb.de\/wp-content\/uploads\/2026\/04\/image-2.png\" alt=\"\" class=\"wp-image-1462\" srcset=\"https:\/\/freundeskreis-asyl-korb.de\/wp-content\/uploads\/2026\/04\/image-2.png 674w, https:\/\/freundeskreis-asyl-korb.de\/wp-content\/uploads\/2026\/04\/image-2-300x166.png 300w\" sizes=\"auto, (max-width: 674px) 100vw, 674px\" \/><\/figure>\n<\/div><\/div>\n<\/div><\/div>\n\n\n\n<div class=\"wp-block-group is-style-twentytwentyone-border\"><div class=\"wp-block-group__inner-container is-layout-constrained wp-block-group-is-layout-constrained\">\n\n\n<p>Gerne leiten wir folgende Einladung vom Parit\u00e4tischen Wohlfahrtsverein weiter:<\/p>\n\n\n\n<p>\u201e<strong>Kindheit im Asylbewerberleistungsgesetz \u2013 Eine Umfrage unter Fachkr\u00e4ften zur sozialen Lage von Kindern im Grundleistungsbezug&#8221; am 19.05.2026, 10:00 \u2013 11:30 Uhr via Zoom<\/strong><\/p>\n\n\n\n<p>Zur Veranstaltung:<\/p>\n\n\n\n<p>Das Asylbewerberleistungsgesetz (AsylbLG) ist regelm\u00e4\u00dfig Teil der politischen Debatte. Meist geht es um K\u00fcrzungen und Abschreckung, kaum jedoch um die Situation der Leistungsbezieher*innen selbst. Besonders selten wird auf die Lebenssituation von Kindern im AsylbLG-Bezug eingegangen. Anhand einer Umfrage unter knapp 450 Fachkr\u00e4ften haben der Parit\u00e4tische Gesamtverband und Save the Children versucht, diese L\u00fccke zu schlie\u00dfen. Die zahlreichen und detaillierten R\u00fcckmeldungen, u.a. zu den Bereichen Teilhabe, Wohnen, Gesundheit, Bezahlkarten und Leistungsk\u00fcrzungen geben einen umfassenden und anschaulichen Eindruck davon, wie sich das AsylbLG auf Kinder auswirkt. In der Veranstaltung werden Ergebnisse der Umfrage und daraus folgende Handlungsempfehlungen pr\u00e4sentiert und zur Diskussion gestellt.<\/p>\n\n\n\n<p><em>Die Inforeihe wird vom Bundesministerium f\u00fcr Bildung, Familie, Senioren, Frauen und Jugend im Rahmen des Bundesprogramms f\u00fcr die Beratung und Betreuung ausl\u00e4ndischer Fl\u00fcchtlinge gef\u00f6rdert.<\/em><\/p>\n\n\n\n<p>Die Veranstaltung ist kostenlos. Bitte melden Sie sich bis zum&nbsp;<strong>18.05.2026<\/strong>&nbsp;\u00fcber folgenden Link an:&nbsp;<a href=\"https:\/\/eveeno.com\/300359733\">https:\/\/eveeno.com\/300359733<\/a><\/p>\n\n\n\n<p>Sie erhalten die Einwahldaten zur Online-Veranstaltung direkt nach Ihrer Anmeldung per Mail. Bitte pr\u00fcfen Sie diesbez\u00fcglich ebenfalls Ihr Spam-Postfach.<\/p>\n<\/div><\/div>\n\n\n\n<div class=\"wp-block-group is-style-twentytwentyone-border\"><div class=\"wp-block-group__inner-container is-layout-constrained wp-block-group-is-layout-constrained\">\n\n\n<p>Gerne leiten wir folgende Einladung aus Winnenden weiter:<\/p>\n\n\n\n<ul class=\"wp-block-list\">\n<li><strong>Safe&nbsp;the&nbsp;Date &#8211; Vortrag am 19.06.2026<\/strong><\/li>\n<\/ul>\n\n\n\n<p>In Kooperation mit dem Freundeskreis Fl\u00fcchtlinge Leutenbach &amp; Winnenden e.V. organisieren wir am 19.06.2026 um 18:00 Uhr einen Vortrag mit Jan Ilhan&nbsp;Kizilhan&nbsp;zum Thema: \u201eNeuanfang nach Flucht und Krieg \u2013 Chancen und Herausforderungen f\u00fcr unsere Gesellschaft\u201c.<\/p>\n\n\n\n<p>Die Veranstaltung findet in der Alte Kelter Winnenden statt. Prof.&nbsp;Kizilhan&nbsp;erhielt vor rund elf Jahren gemeinsam mit Michael Blume vom Land Baden-W\u00fcrttemberg den Sonderauftrag, 1.000 traumatisierte Jesidinnen aus Fl\u00fcchtlingslagern zu retten und in Baden-W\u00fcrttemberg aufzunehmen. Dadurch wurde er landesweit bekannt. Er ist Professor an der Duale Hochschule Baden-W\u00fcrttemberg, Psychologe, Traumatologe sowie Experte f\u00fcr transkulturelle Therapie und P\u00e4dagogik. Durch zahlreiche wissenschaftliche Ver\u00f6ffentlichungen und seine praktische Arbeit im Bereich Traumatherapie hat er sich einen bedeutenden Namen gemacht.<\/p>\n<\/div><\/div>\n\n\n\n\n\n\n","protected":false},"excerpt":{"rendered":"<p>Regelm\u00e4\u00dfige Termine: Jeden Dienstag 19:00 Uhr Deutsch in der Gemeinschaftsschule N\u00e4chste Veranstaltungen vom \/ mit dem Freundeskreis Asyl Korb e.V. Sie erreichen uns: freundeskreis-asyl-korb@web.de Einladungen anderer Kommunen \/ Organisationen \/ Vereine Der Fl\u00fcchtlingsrat Baden-W\u00fcrttemberg bietet am 25. M\u00e4rz ab 17 Uhr eine kostenfreie&nbsp;Online-Fortbildung zur Reform des Gemeinsamen Europ\u00e4ischen Asylsystems (GEAS)&nbsp;an. Anmeldung bis&nbsp;25. 03.2026. Link zur&hellip; <a class=\"more-link\" href=\"https:\/\/freundeskreis-asyl-korb.de\/?page_id=94\"><span class=\"screen-reader-text\">Termine<\/span> weiterlesen<\/a><\/p>\n","protected":false},"author":1,"featured_media":0,"parent":0,"menu_order":0,"comment_status":"closed","ping_status":"closed","template":"","meta":{"footnotes":""},"class_list":["post-94","page","type-page","status-publish","hentry","entry"],"_links":{"self":[{"href":"https:\/\/freundeskreis-asyl-korb.de\/index.php?rest_route=\/wp\/v2\/pages\/94","targetHints":{"allow":["GET"]}}],"collection":[{"href":"https:\/\/freundeskreis-asyl-korb.de\/index.php?rest_route=\/wp\/v2\/pages"}],"about":[{"href":"https:\/\/freundeskreis-asyl-korb.de\/index.php?rest_route=\/wp\/v2\/types\/page"}],"author":[{"embeddable":true,"href":"https:\/\/freundeskreis-asyl-korb.de\/index.php?rest_route=\/wp\/v2\/users\/1"}],"replies":[{"embeddable":true,"href":"https:\/\/freundeskreis-asyl-korb.de\/index.php?rest_route=%2Fwp%2Fv2%2Fcomments&post=94"}],"version-history":[{"count":72,"href":"https:\/\/freundeskreis-asyl-korb.de\/index.php?rest_route=\/wp\/v2\/pages\/94\/revisions"}],"predecessor-version":[{"id":1476,"href":"https:\/\/freundeskreis-asyl-korb.de\/index.php?rest_route=\/wp\/v2\/pages\/94\/revisions\/1476"}],"wp:attachment":[{"href":"https:\/\/freundeskreis-asyl-korb.de\/index.php?rest_route=%2Fwp%2Fv2%2Fmedia&parent=94"}],"curies":[{"name":"wp","href":"https:\/\/api.w.org\/{rel}","templated":true}]}}